{"id":7702,"date":"2022-04-25T09:53:05","date_gmt":"2022-04-25T09:53:05","guid":{"rendered":"https:\/\/essenciarestaurant.hu\/?page_id=7702"},"modified":"2022-08-11T00:17:20","modified_gmt":"2022-08-10T22:17:20","slug":"agnar-sverrisson","status":"publish","type":"page","link":"http:\/\/essenciarestaurant.hu\/en\/events\/agnar-sverrisson\/","title":{"rendered":"Agnar Sverrisson"},"content":{"rendered":"<div class=\"vc_row wpb_row vc_row-fluid vc_custom_1650880357530\" ><div class=\"wpb_column vc_column_container vc_col-sm-6\"><div class=\"vc_column-inner\"><div class=\"wpb_wrapper\">\n\t<div class=\"wpb_text_column wpb_content_element\" >\n\t\t<div class=\"wpb_wrapper\">\n\t\t\t<h2><strong>Mentor \u00e9s tan\u00edtv\u00e1nya<\/strong><\/h2>\n<p>Els\u0151 vend\u00e9g\u00fcnk az izlandi sz\u00fclet\u00e9s\u0171 Agnar Sverrisson, Michelin-csillagos s\u00e9f, a londoni Texture Restaurant &amp; Champagne Bar egykori tulajdonosa. F\u0151z\u0151karrierje 18 \u00e9vesen kezd\u0151d\u00f6tt, amikor Reykjav\u00edk egyik legjobb \u00e9tterm\u00e9nek s\u00e9fje lett. K\u00e9s\u0151bb egy Gordon Ramsay tulajdon\u00e1ban l\u00e9v\u0151, \u00e9s Marcus Wareing \u00e1ltal \u00fczemeltetett \u00e9tteremhez, majd a h\u00edres luxemburgi L\u00e9a Linsterhez csatlakozott. 2002-ben Raymond Blanc vezet\u00e9se alatt a Le Manoir aux Quat\u2019Saisons-ban, Anglia legr\u00e9gebbi, k\u00e9t Michelin-csillagos \u00e9tterm\u00e9ben v\u00e1llalt munk\u00e1t, ahol 2005-ben f\u0151szak\u00e1ccs\u00e1 l\u00e9ptett\u00e9k el\u0151. Els\u0151 f\u00fcggetlen v\u00e1llalkoz\u00e1s\u00e1t a Texturet 2007-ben ind\u00edtotta el, 2010-ben megkapta az els\u0151 Michelin csillagot, amit nyolc egym\u00e1st k\u00f6vet\u0151 \u00e9vben is siker\u00fclt megtartania. Itt dolgozott egy\u00fctt Tiagoval. Jelenleg a Michelin Guide \u00e1ltal aj\u00e1nlott Moss Restaurant-ban f\u0151z.<\/p>\n<p>&nbsp;<\/p>\n<p><strong>2022.05.21. Est men\u00fcje:<\/strong><\/p>\n<ul>\n<li><strong>Izlandi tengeri s\u00fcn, Oscietra kavi\u00e1r, bonito broth<\/strong><\/li>\n<li><strong>Kacsam\u00e1j, rebarbara, mango<\/strong><\/li>\n<li><strong>Izlandi langusztin, miso, koriander<\/strong><\/li>\n<li><strong>T\u0151kehal, ferment\u00e1lt burgonya, \u201ccaldeirada\u201d<\/strong><\/li>\n<li><strong>B\u00e1r\u00e1ny, z\u00f6ldbors\u00f3, karamelliz\u00e1lt yoghurt<\/strong><\/li>\n<li><strong>Sajttorta, eper, bodza<\/strong><\/li>\n<\/ul>\n<p><strong>Mentor &amp; Tan\u00edtv\u00e1nya vacsora \u00e1ra:<\/strong><\/p>\n<ul>\n<li><strong>men\u00fcsor: 39.000 Ft\/f\u0151<\/strong><\/li>\n<li><strong>alkoholmentes italp\u00e1ros\u00edt\u00e1ssal: 49.000 Ft\/f\u0151<\/strong><\/li>\n<li><strong>men\u00fcsor borp\u00e1ros\u00edt\u00e1ssal: 64.000 Ft\/f\u0151<\/strong><\/li>\n<\/ul>\n<p>Az \u00e1rak per f\u0151re \u00e9rtend\u0151ek \u00e9s tartalmazz\u00e1k az \u00c1FA-t. A sz\u00e1mla v\u00e9g\u00f6sszeg\u00e9hez 13% szervizd\u00edjat sz\u00e1molunk fel.<\/p>\n<p>Asztalt foglalni a <a href=\"tel:+36%2070%20600%200315\">+36 70 600 0315<\/a> telefonsz\u00e1mon, vagy az <a href=\"mailto:info@essenciarestaurant.hu\">info@essenciarestaurant.hu<\/a> email c\u00edmen lehets\u00e9ges, 18:00 vagy 20:30 \u00f3rai vacsora kezd\u00e9si id\u0151ponttal.<\/p>\n<p>\u00c9tel\u00e9rz\u00e9kenys\u00e9g eset\u00e9n k\u00e9szs\u00e9ggel \u00e1llunk rendelkez\u00e9s\u00fckre, k\u00e9rj\u00fck, ezt k\u00fcl\u00f6n jelezz\u00e9k az asztalfoglal\u00e1sn\u00e1l.<\/p>\n<p>Helysz\u00edn: 1051 Budapest, Sas utca 17.<\/p>\n<p>&nbsp;<\/p>\n\n\t\t<\/div>\n\t<\/div>\n<\/div><\/div><\/div><div class=\"wpb_column vc_column_container vc_col-sm-6\"><div class=\"vc_column-inner\"><div class=\"wpb_wrapper\">\n\t<div  class=\"wpb_single_image wpb_content_element vc_align_left\">\n\t\t\n\t\t<figure class=\"wpb_wrapper vc_figure\">\n\t\t\t<div class=\"vc_single_image-wrapper   vc_box_border_grey\"><img fetchpriority=\"high\" decoding=\"async\" width=\"508\" height=\"730\" src=\"https:\/\/essenciarestaurant.hu\/wp-content\/uploads\/2022\/04\/AGGI-Sverrisson-1.jpg\" class=\"vc_single_image-img attachment-full\" alt=\"\" srcset=\"https:\/\/essenciarestaurant.hu\/wp-content\/uploads\/2022\/04\/AGGI-Sverrisson-1.jpg 508w, https:\/\/essenciarestaurant.hu\/wp-content\/uploads\/2022\/04\/AGGI-Sverrisson-1-209x300.jpg 209w\" sizes=\"(max-width: 508px) 100vw, 508px\" \/><\/div>\n\t\t<\/figure>\n\t<\/div>\n<\/div><\/div><\/div><\/div>","protected":false},"excerpt":{"rendered":"Mentor \u00e9s tan\u00edtv\u00e1nya Els\u0151 vend\u00e9g\u00fcnk az izlandi sz\u00fclet\u00e9s\u0171 Agnar Sverrisson, Michelin-csillagos s\u00e9f, a londoni Texture Restaurant &amp; Champagne Bar egykori tulajdonosa. F\u0151z\u0151karrierje 18 \u00e9vesen kezd\u0151d\u00f6tt, amikor Reykjav\u00edk egyik legjobb \u00e9tterm\u00e9nek s\u00e9fje lett. K\u00e9s\u0151bb egy Gordon Ramsay tulajdon\u00e1ban l\u00e9v\u0151, \u00e9s Marcus Wareing \u00e1ltal \u00fczemeltetett \u00e9tteremhez, majd a h\u00edres luxemburgi L\u00e9a Linsterhez csatlakozott. 2002-ben Raymond Blanc vezet\u00e9se alatt a Le Manoir aux Quat\u2019Saisons-ban, Anglia legr\u00e9gebbi, k\u00e9t Michelin-csillagos \u00e9tterm\u00e9ben v\u00e1llalt munk\u00e1t, ahol 2005-ben f\u0151szak\u00e1ccs\u00e1 l\u00e9ptett\u00e9k el\u0151. Els\u0151 f\u00fcggetlen v\u00e1llalkoz\u00e1s\u00e1t a Texturet 2007-ben ind\u00edtotta el, 2010-ben megkapta az els\u0151 Michelin csillagot, amit nyolc egym\u00e1st k\u00f6vet\u0151 \u00e9vben is siker\u00fclt megtartania. Itt dolgozott egy\u00fctt Tiagoval. Jelenleg [...]","protected":false},"author":4,"featured_media":0,"parent":7659,"menu_order":0,"comment_status":"closed","ping_status":"closed","template":"","meta":{"ngg_post_thumbnail":0,"footnotes":""},"class_list":["post-7702","page","type-page","status-publish","hentry"],"yoast_head":"<!-- This site is optimized with the Yoast SEO plugin v25.5 - https:\/\/yoast.com\/wordpress\/plugins\/seo\/ -->\n<title>Agnar Sverrisson - Essencia Restaurant<\/title>\n<meta name=\"robots\" content=\"index, follow, max-snippet:-1, max-image-preview:large, max-video-preview:-1\" \/>\n<link rel=\"canonical\" href=\"http:\/\/essenciarestaurant.hu\/en\/events\/agnar-sverrisson\/\" \/>\n<meta property=\"og:locale\" content=\"en_GB\" \/>\n<meta property=\"og:type\" content=\"article\" \/>\n<meta property=\"og:title\" content=\"Agnar Sverrisson - Essencia Restaurant\" \/>\n<meta property=\"og:url\" content=\"http:\/\/essenciarestaurant.hu\/en\/events\/agnar-sverrisson\/\" \/>\n<meta property=\"og:site_name\" content=\"Essencia Restaurant\" \/>\n<meta property=\"article:publisher\" content=\"https:\/\/www.facebook.com\/Ess%c3%aancia-Restaurant-Tiago-%c3%89va-105859964299066\/\" \/>\n<meta property=\"article:modified_time\" content=\"2022-08-10T22:17:20+00:00\" \/>\n<meta property=\"og:image\" content=\"https:\/\/essenciarestaurant.hu\/wp-content\/uploads\/2020\/06\/story-featured.jpg\" \/>\n\t<meta property=\"og:image:width\" content=\"1300\" \/>\n\t<meta property=\"og:image:height\" content=\"693\" \/>\n\t<meta property=\"og:image:type\" content=\"image\/jpeg\" \/>\n<meta name=\"twitter:card\" content=\"summary_large_image\" \/>\n<meta name=\"twitter:label1\" content=\"Estimated reading time\" \/>\n\t<meta name=\"twitter:data1\" content=\"2 minutes\" \/>\n<script type=\"application\/ld+json\" class=\"yoast-schema-graph\">{\"@context\":\"https:\/\/schema.org\",\"@graph\":[{\"@type\":\"WebPage\",\"@id\":\"http:\/\/essenciarestaurant.hu\/rendezvenyek\/agnar-sverrisson\/\",\"url\":\"http:\/\/essenciarestaurant.hu\/rendezvenyek\/agnar-sverrisson\/\",\"name\":\"Agnar Sverrisson - Essencia Restaurant\",\"isPartOf\":{\"@id\":\"https:\/\/essenciarestaurant.hu\/en\/#website\"},\"datePublished\":\"2022-04-25T09:53:05+00:00\",\"dateModified\":\"2022-08-10T22:17:20+00:00\",\"breadcrumb\":{\"@id\":\"http:\/\/essenciarestaurant.hu\/rendezvenyek\/agnar-sverrisson\/#breadcrumb\"},\"inLanguage\":\"en-GB\",\"potentialAction\":[{\"@type\":\"ReadAction\",\"target\":[\"http:\/\/essenciarestaurant.hu\/rendezvenyek\/agnar-sverrisson\/\"]}]},{\"@type\":\"BreadcrumbList\",\"@id\":\"http:\/\/essenciarestaurant.hu\/rendezvenyek\/agnar-sverrisson\/#breadcrumb\",\"itemListElement\":[{\"@type\":\"ListItem\",\"position\":1,\"name\":\"Kezd\u0151lap\",\"item\":\"https:\/\/essenciarestaurant.hu\/\"},{\"@type\":\"ListItem\",\"position\":2,\"name\":\"Eml\u00e9kk\u00f6nyv\",\"item\":\"http:\/\/essenciarestaurant.hu\/rendezvenyek\/\"},{\"@type\":\"ListItem\",\"position\":3,\"name\":\"Agnar Sverrisson\"}]},{\"@type\":\"WebSite\",\"@id\":\"https:\/\/essenciarestaurant.hu\/en\/#website\",\"url\":\"https:\/\/essenciarestaurant.hu\/en\/\",\"name\":\"Essencia Restaurant\",\"description\":\"Essencia Restaurant\",\"potentialAction\":[{\"@type\":\"SearchAction\",\"target\":{\"@type\":\"EntryPoint\",\"urlTemplate\":\"https:\/\/essenciarestaurant.hu\/en\/?s={search_term_string}\"},\"query-input\":{\"@type\":\"PropertyValueSpecification\",\"valueRequired\":true,\"valueName\":\"search_term_string\"}}],\"inLanguage\":\"en-GB\"}]}<\/script>\n<!-- \/ Yoast SEO plugin. -->","yoast_head_json":{"title":"Agnar Sverrisson - Essencia Restaurant","robots":{"index":"index","follow":"follow","max-snippet":"max-snippet:-1","max-image-preview":"max-image-preview:large","max-video-preview":"max-video-preview:-1"},"canonical":"http:\/\/essenciarestaurant.hu\/en\/events\/agnar-sverrisson\/","og_locale":"en_GB","og_type":"article","og_title":"Agnar Sverrisson - Essencia Restaurant","og_url":"http:\/\/essenciarestaurant.hu\/en\/events\/agnar-sverrisson\/","og_site_name":"Essencia Restaurant","article_publisher":"https:\/\/www.facebook.com\/Ess%c3%aancia-Restaurant-Tiago-%c3%89va-105859964299066\/","article_modified_time":"2022-08-10T22:17:20+00:00","og_image":[{"width":1300,"height":693,"url":"https:\/\/essenciarestaurant.hu\/wp-content\/uploads\/2020\/06\/story-featured.jpg","type":"image\/jpeg"}],"twitter_card":"summary_large_image","twitter_misc":{"Estimated reading time":"2 minutes"},"schema":{"@context":"https:\/\/schema.org","@graph":[{"@type":"WebPage","@id":"http:\/\/essenciarestaurant.hu\/rendezvenyek\/agnar-sverrisson\/","url":"http:\/\/essenciarestaurant.hu\/rendezvenyek\/agnar-sverrisson\/","name":"Agnar Sverrisson - Essencia Restaurant","isPartOf":{"@id":"https:\/\/essenciarestaurant.hu\/en\/#website"},"datePublished":"2022-04-25T09:53:05+00:00","dateModified":"2022-08-10T22:17:20+00:00","breadcrumb":{"@id":"http:\/\/essenciarestaurant.hu\/rendezvenyek\/agnar-sverrisson\/#breadcrumb"},"inLanguage":"en-GB","potentialAction":[{"@type":"ReadAction","target":["http:\/\/essenciarestaurant.hu\/rendezvenyek\/agnar-sverrisson\/"]}]},{"@type":"BreadcrumbList","@id":"http:\/\/essenciarestaurant.hu\/rendezvenyek\/agnar-sverrisson\/#breadcrumb","itemListElement":[{"@type":"ListItem","position":1,"name":"Kezd\u0151lap","item":"https:\/\/essenciarestaurant.hu\/"},{"@type":"ListItem","position":2,"name":"Eml\u00e9kk\u00f6nyv","item":"http:\/\/essenciarestaurant.hu\/rendezvenyek\/"},{"@type":"ListItem","position":3,"name":"Agnar Sverrisson"}]},{"@type":"WebSite","@id":"https:\/\/essenciarestaurant.hu\/en\/#website","url":"https:\/\/essenciarestaurant.hu\/en\/","name":"Essencia Restaurant","description":"Essencia Restaurant","potentialAction":[{"@type":"SearchAction","target":{"@type":"EntryPoint","urlTemplate":"https:\/\/essenciarestaurant.hu\/en\/?s={search_term_string}"},"query-input":{"@type":"PropertyValueSpecification","valueRequired":true,"valueName":"search_term_string"}}],"inLanguage":"en-GB"}]}},"_links":{"self":[{"href":"https:\/\/essenciarestaurant.hu\/en\/wp-json\/wp\/v2\/pages\/7702","targetHints":{"allow":["GET"]}}],"collection":[{"href":"https:\/\/essenciarestaurant.hu\/en\/wp-json\/wp\/v2\/pages"}],"about":[{"href":"https:\/\/essenciarestaurant.hu\/en\/wp-json\/wp\/v2\/types\/page"}],"author":[{"embeddable":true,"href":"https:\/\/essenciarestaurant.hu\/en\/wp-json\/wp\/v2\/users\/4"}],"replies":[{"embeddable":true,"href":"https:\/\/essenciarestaurant.hu\/en\/wp-json\/wp\/v2\/comments?post=7702"}],"version-history":[{"count":5,"href":"https:\/\/essenciarestaurant.hu\/en\/wp-json\/wp\/v2\/pages\/7702\/revisions"}],"predecessor-version":[{"id":7808,"href":"https:\/\/essenciarestaurant.hu\/en\/wp-json\/wp\/v2\/pages\/7702\/revisions\/7808"}],"up":[{"embeddable":true,"href":"https:\/\/essenciarestaurant.hu\/en\/wp-json\/wp\/v2\/pages\/7659"}],"wp:attachment":[{"href":"https:\/\/essenciarestaurant.hu\/en\/wp-json\/wp\/v2\/media?parent=7702"}],"curies":[{"name":"wp","href":"https:\/\/api.w.org\/{rel}","templated":true}]}}